{"id":3,"date":"2022-07-06T14:08:40","date_gmt":"2022-07-06T12:08:40","guid":{"rendered":"http:\/\/ideaslaboratory.y-spot.fr\/?page_id=3"},"modified":"2023-02-13T15:13:32","modified_gmt":"2023-02-13T14:13:32","slug":"politique-de-confidentialite","status":"publish","type":"page","link":"https:\/\/ideaslaboratory.y-spot.fr\/?page_id=3","title":{"rendered":"Politique de confidentialit\u00e9"},"content":{"rendered":"\t\t<div data-elementor-type=\"wp-page\" data-elementor-id=\"3\" class=\"elementor elementor-3\">\n\t\t\t\t\t\t\t\t\t<section class=\"elementor-section elementor-top-section elementor-element elementor-element-13f26821 elementor-section-boxed elementor-section-height-default elementor-section-height-default\" data-id=\"13f26821\" data-element_type=\"section\">\n\t\t\t\t\t\t<div class=\"elementor-container elementor-column-gap-default\">\n\t\t\t\t\t<div class=\"elementor-column elementor-col-100 elementor-top-column elementor-element elementor-element-7a460a25\" data-id=\"7a460a25\" data-element_type=\"column\">\n\t\t\t<div class=\"elementor-widget-wrap elementor-element-populated\">\n\t\t\t\t\t\t\t\t<div class=\"elementor-element elementor-element-5301ed5 elementor-widget elementor-widget-spacer\" data-id=\"5301ed5\" data-element_type=\"widget\" data-widget_type=\"spacer.default\">\n\t\t\t\t<div class=\"elementor-widget-container\">\n\t\t\t<style>\/*! elementor - v3.6.7 - 03-07-2022 *\/\n.e-container.e-container--row .elementor-spacer-inner{width:var(--spacer-size)}.e-container.e-container--column .elementor-spacer-inner,.elementor-column .elementor-spacer-inner{height:var(--spacer-size)}<\/style>\t\t<div class=\"elementor-spacer\">\n\t\t\t<div class=\"elementor-spacer-inner\"><\/div>\n\t\t<\/div>\n\t\t\t\t<\/div>\n\t\t\t\t<\/div>\n\t\t\t\t<div class=\"elementor-element elementor-element-2e001514 elementor-widget elementor-widget-text-editor\" data-id=\"2e001514\" data-element_type=\"widget\" data-widget_type=\"text-editor.default\">\n\t\t\t\t<div class=\"elementor-widget-container\">\n\t\t\t<style>\/*! elementor - v3.6.7 - 03-07-2022 *\/\n.elementor-widget-text-editor.elementor-drop-cap-view-stacked .elementor-drop-cap{background-color:#818a91;color:#fff}.elementor-widget-text-editor.elementor-drop-cap-view-framed .elementor-drop-cap{color:#818a91;border:3px solid;background-color:transparent}.elementor-widget-text-editor:not(.elementor-drop-cap-view-default) .elementor-drop-cap{margin-top:8px}.elementor-widget-text-editor:not(.elementor-drop-cap-view-default) .elementor-drop-cap-letter{width:1em;height:1em}.elementor-widget-text-editor .elementor-drop-cap{float:left;text-align:center;line-height:1;font-size:50px}.elementor-widget-text-editor .elementor-drop-cap-letter{display:inline-block}<\/style>\t\t\t\t<p><!-- wp:heading --><\/p>\n<h2>Information sur la protection des donn\u00e9es \u00e0 caract\u00e8re personnel (RGPD)<\/h2>\n<p><br \/>Le Commissariat \u00e0 l\u2019\u00e9nergie atomique et aux \u00e9nergies alternatives (CEA) est engag\u00e9 dans une d\u00e9marche de protection des donn\u00e9es \u00e0 caract\u00e8re personnel qu\u2019il traite. <br \/><br \/>Pour les besoins de ses activit\u00e9s, le CEA est amen\u00e9 \u00e0 traiter des donn\u00e9es \u00e0 caract\u00e8re personnel. La notion de \u00ab Donn\u00e9es \u00e0 Caract\u00e8re Personnel \u00bb vise toute information se rapportant \u00e0 une personne physique identifi\u00e9e ou pouvant \u00eatre identifi\u00e9e, directement ou indirectement, notamment par r\u00e9f\u00e9rence \u00e0 un identifiant (par exemple, un nom ou un num\u00e9ro d\u2019identification) ou \u00e0 un ou plusieurs \u00e9l\u00e9ments sp\u00e9cifiques propres \u00e0 son identit\u00e9 physique, physiologique, g\u00e9n\u00e9tique, psychique, \u00e9conomique, culturelle ou sociale.<\/p>\n<h2><br \/>Qui contacter en cas de question sur vos Donn\u00e9es \u00e0 Caract\u00e8re Personnel ?<\/h2>\n<p><br \/>Le CEA attache une grande importance au respect des droits et libert\u00e9s des personnes et \u00e0 la protection de leurs Donn\u00e9es \u00e0 Caract\u00e8re Personnel. Le CEA a d\u00e9sign\u00e9 un D\u00e9l\u00e9gu\u00e9 \u00e0 la Protection des Donn\u00e9es qui est habilit\u00e9 \u00e0 conna\u00eetre de l\u2019ensemble des probl\u00e9matiques relatives \u00e0 la protection des Donn\u00e9es \u00e0 Caract\u00e8re Personnel. Vous pouvez le contacter aux coordonn\u00e9es suivantes : dpd@cea.fr<\/p>\n<p>\u00a0<\/p>\n<h2>Quels types de Donn\u00e9es \u00e0 Caract\u00e8re Personnel vous concernant le CEA collecte-t-il ?<\/h2>\n<p><br \/>Selon les circonstances, le CEA est amen\u00e9 \u00e0 collecter certaines des Donn\u00e9es \u00e0 Caract\u00e8re Personnel list\u00e9es ci-dessous :<\/p>\n<p>informations d\u2019identit\u00e9 : nom, pr\u00e9nom, \u00e2ge, photographie, sexe, date et lieu de naissance, nationalit\u00e9, r\u00e9f\u00e9rences de titres d\u2019identit\u00e9<br \/>informations de contact : coordonn\u00e9es professionnelles et personnelles<br \/>informations concernant votre parcours professionnel<br \/>donn\u00e9es de connexion lorsque vous naviguez sur les sites internet ou que vous acc\u00e9dez aux syst\u00e8mes d\u2019information du CEA<br \/>donn\u00e9es n\u00e9cessaires \u00e0 l\u2019ex\u00e9cution des contrats<br \/>donn\u00e9es n\u00e9cessaires \u00e0 la gestion des relations \u00e9v\u00e8nementielles, op\u00e9rations de communication, sollicitation, promotion, investissement et partenariat.<\/p>\n<h2><br \/>Pour quelles raisons et dans quel but le CEA collecte-t-il vos Donn\u00e9es \u00e0 Caract\u00e8re Personnel ?<\/h2>\n<p><br \/>Le CEA peut \u00eatre amen\u00e9 \u00e0 collecter des Donn\u00e9es \u00e0 Caract\u00e8re Personnel, en qualit\u00e9 de responsable de traitement, pour r\u00e9pondre \u00e0 vos demandes, pour le respect de ses obligations l\u00e9gales et conventionnelles, l\u2019ex\u00e9cution d\u2019un contrat, pour des motifs d\u2019int\u00e9r\u00eats publics ou pour la r\u00e9alisation d\u2019un int\u00e9r\u00eat l\u00e9gitime.<\/p>\n<p>Le CEA collecte des Donn\u00e9es \u00e0 Caract\u00e8re Personnel, le cas \u00e9ch\u00e9ant par le biais de formulaires et pages de contact, notamment aux fins de traitement d\u2019une inscription en ligne, d\u2019un abonnement \u00e0 des newsletters ou \u00e0 des publications, de r\u00e9ponse \u00e0 une demande d\u2019information, d\u2019\u00e9tudes statistiques, enqu\u00eates et sondages, \u00e0 l\u2019occasion de votre consultation de sites internet, pour permettre des \u00e9changes avec le CEA ou \u00e0 des fins d\u2019actions de communication interne et externe telles que la gestion d\u2019\u00e9v\u00e9nements de communication et l\u2019organisation de sessions de formation, conf\u00e9rences, etc.<\/p>\n<p>\u00a0<\/p>\n<h2>Avec qui le CEA partage-t-il vos Donn\u00e9es \u00e0 Caract\u00e8re Personnel ?<\/h2>\n<p><br \/>Le CEA est susceptible de transf\u00e9rer des Donn\u00e9es \u00e0 Caract\u00e8re Personnel \u00e0 des prestataires et\/ou des sous-traitants notamment pour g\u00e9rer des inscriptions, des abonnements, assurer le suivi du traitement de demandes, faire fonctionner, am\u00e9liorer ou maintenir ses activit\u00e9s et ses services et pour administrer ses sites.<\/p>\n<p>O\u00f9 sont stock\u00e9es et trait\u00e9es vos Donn\u00e9es \u00e0 Caract\u00e8re Personnel ?<br \/>Les Donn\u00e9es \u00e0 Caract\u00e8re Personnel sont trait\u00e9es autant que possible au CEA, sur le territoire national ou de l\u2019Union europ\u00e9enne. Elles ne sont pas transf\u00e9r\u00e9es vers des pays tiers. Cependant, afin de proposer des services en ligne adapt\u00e9s \u00e0 vos besoins, le CEA peut avoir recours \u00e0 des tiers. Pour traiter vos Donn\u00e9es \u00e0 Caract\u00e8re Personnel et vous offrir ces services, ces partenaires peuvent traiter vos Donn\u00e9es \u00e0 Caract\u00e8re Personnel hors de l\u2019Union europ\u00e9enne. Dans ce cas, le CEA prend les garanties n\u00e9cessaires de mani\u00e8re \u00e0 ce que le niveau de protection des personnes physiques offert par la R\u00e9glementation ne soit pas compromis. Vous pouvez consulter ces garanties sur demande \u00e0 l\u2019adresse suivante : dpd@cea.fr<\/p>\n<p>\u00a0<\/p>\n<h2>Combien de temps le CEA conserve-t-il vos Donn\u00e9es \u00e0 Caract\u00e8re Personnel ?<\/h2>\n<p><br \/>Le CEA ne conserve vos Donn\u00e9es \u00e0 Caract\u00e8re Personnel que pendant la dur\u00e9e strictement n\u00e9cessaire afin de r\u00e9pondre aux finalit\u00e9s d\u00e9crites pr\u00e9c\u00e9demment, afin de respecter ses obligations l\u00e9gales, r\u00e9glementaires et contractuelles, et pour la d\u00e9fense de ses int\u00e9r\u00eats l\u00e9gitimes (pour les traitements de Donn\u00e9es \u00e0 Caract\u00e8re Personnel ayant pour fondement l\u2019int\u00e9r\u00eat l\u00e9gitime du CEA, au sens de la R\u00e8glementation, par exemple ceux mis en place pour le suivi des actions de communication).<\/p>\n<p>En cas de d\u00e9sinscription d\u2019un site ou d\u2019une newsletter, vos Donn\u00e9es \u00e0 Caract\u00e8re Personnel sont effac\u00e9es des bases actives et uniquement conserv\u00e9es sous forme d\u2019archive aux fins d\u2019\u00e9tablissement de la preuve d\u2019un droit, de l\u2019ex\u00e9cution d\u2019une obligation l\u00e9gale ou d\u2019un contrat.<\/p>\n<p>A l\u2019issue de la dur\u00e9e de conservation applicable, il est proc\u00e9d\u00e9 :<\/p>\n<p>soit \u00e0 la suppression ou la destruction s\u00e9curis\u00e9e des Donn\u00e9es \u00e0 Caract\u00e8re Personnel ;<br \/>soit \u00e0 la stricte anonymisation des Donn\u00e9es \u00e0 Caract\u00e8re Personnel ;<br \/>soit \u00e0 l\u2019archivage des Donn\u00e9es \u00e0 Caract\u00e8re Personnel \u00e0 des fins archivistiques dans l\u2019int\u00e9r\u00eat public, \u00e0 des fins historiques ou \u00e0 des fins statistiques.<\/p>\n<h2><br \/>Quels sont vos droits sur vos Donn\u00e9es \u00e0 Caract\u00e8re Personnel ?<\/h2>\n<p><br \/>Vous disposez de droits sur vos Donn\u00e9es \u00e0 Caract\u00e8re Personnel. Conform\u00e9ment \u00e0 la R\u00e9glementation sur la protection des donn\u00e9es personnelles, notamment les articles 15 \u00e0 22 du RGPD, et apr\u00e8s avoir justifi\u00e9 de votre identit\u00e9, vous avez le droit de solliciter l\u2019acc\u00e8s aux Donn\u00e9es \u00e0 Caract\u00e8re Personnel vous concernant, la rectification ou l\u2019effacement de celles-ci.<\/p>\n<p>En outre, dans les limites pos\u00e9es par la loi, vous disposez \u00e9galement du droit de vous opposer au traitement, d\u2019en demander la limitation, de d\u00e9cider du sort post-mortem de vos Donn\u00e9es \u00e0 Caract\u00e8re Personnel, et d\u2019exercer le droit \u00e0 la portabilit\u00e9 des Donn\u00e9es \u00e0 Caract\u00e8re Personnel fournies.<\/p>\n<p>Attention : ces droits ne sont pas absolus et restent limit\u00e9s. Toute demande infond\u00e9e ou abusive au regard notamment des imp\u00e9ratifs de s\u00e9curit\u00e9, des lois et r\u00e8glements pourra \u00eatre rejet\u00e9e.<\/p>\n<p>Afin d\u2019exercer ces droits, vous pouvez contacter la DPD \u00e0 l\u2019adresse suivante : dpd@cea.fr.<\/p>\n<p>Par ailleurs, le cas \u00e9ch\u00e9ant, vous pouvez retirer votre consentement \u00e0 tout moment. Le retrait du consentement ne compromet pas la lic\u00e9it\u00e9 du traitement fond\u00e9 sur le consentement effectu\u00e9 avant ce retrait.<\/p>\n<p>\u00a0<\/p>\n<h2>Le CEA peut-il faire \u00e9voluer ce document d&rsquo;information ?<\/h2>\n<p><br \/>Le CEA pourra faire \u00e9voluer ce document d\u2019information \u00e0 tout moment, en fonction de l\u2019\u00e9volution des techniques et outils de traitement notamment. Il est donc recommand\u00e9 de le consulter r\u00e9guli\u00e8rement. En cas de modification, le CEA publiera ces changements sur cette page, aux endroits appropri\u00e9s, en fonction de l\u2019objet et de l\u2019importance des changements apport\u00e9s.<\/p>\n<p>Commission nationale de l&rsquo;informatique et des libert\u00e9s (\u00ab CNIL \u00bb)<br \/>Nous vous rappelons que vous pouvez introduire une r\u00e9clamation aupr\u00e8s de la DPD (dpd@cea.fr) et, en cas de litige non r\u00e9solu, aupr\u00e8s de la Commission nationale de l\u2019informatique et des libert\u00e9s (CNIL), qui est l\u2019autorit\u00e9 administrative ind\u00e9pendante charg\u00e9e de veiller au respect de la R\u00e9glementation sur la protection des donn\u00e9es personnelles en France. Vous pouvez la saisir directement sur le site internet https:\/\/www.cnil.fr\/fr\/agir ou par courrier \u00e0 l\u2019adresse suivante :<\/p>\n<p>Commission nationale de l\u2019informatique et des libert\u00e9s,<\/p>\n<p>3 Place de Fontenoy \u2013 TSA 80715,<\/p>\n<p>75334 PARIS CEDEX 07.<\/p>\n<p>\u00a0<\/p>\n<h2>Information sp\u00e9cifique aux cookies<\/h2>\n<p><br \/>Les cookies sont de petits fichiers texte stock\u00e9s par votre navigateur qui servent notamment \u00e0 vous identifier \u00e0 chaque changement de page sur un site. Ce site utilise n\u2019utilise pas de cookies permettant de tracer votre activit\u00e9. Le cookie \u201cbandeau_cookie\u201d ne sert qu\u2019\u00e0 l\u2019affichage de ce site et expire \u00e0 l\u2019issue de votre visite.<\/p>\n<p><br \/>D\u2019\u00e9ventuels cookies tiers (google) peuvent appara\u00eetre en naviguant sur certaines pages mais uniquement si vous avez pr\u00e9alablement accept\u00e9 la politique de confidentialit\u00e9 de l\u2019\u00e9metteur sur leurs sites d\u2019origine, ils ne sont pas n\u00e9cessaires au fonctionnement de notre site.<\/p>\n<p><br \/>Plus d\u2019informations sur les cookies, vous pouvez consulter le site internet de la CNIL : https:\/\/www.cnil.fr\/fr\/site-web-cookies-et-autres-traceurs.<\/p>\n<p><!-- \/wp:paragraph --><\/p>\t\t\t\t\t\t<\/div>\n\t\t\t\t<\/div>\n\t\t\t\t\t<\/div>\n\t\t<\/div>\n\t\t\t\t\t\t\t<\/div>\n\t\t<\/section>\n\t\t\t\t<section class=\"elementor-section elementor-top-section elementor-element elementor-element-47b9643 elementor-section-boxed elementor-section-height-default elementor-section-height-default\" data-id=\"47b9643\" data-element_type=\"section\">\n\t\t\t\t\t\t<div class=\"elementor-container elementor-column-gap-default\">\n\t\t\t\t\t<div class=\"elementor-column elementor-col-100 elementor-top-column elementor-element elementor-element-fafd816\" data-id=\"fafd816\" data-element_type=\"column\">\n\t\t\t<div class=\"elementor-widget-wrap elementor-element-populated\">\n\t\t\t\t\t\t\t\t<div class=\"elementor-element elementor-element-957ade5 elementor-widget elementor-widget-spacer\" data-id=\"957ade5\" data-element_type=\"widget\" data-widget_type=\"spacer.default\">\n\t\t\t\t<div class=\"elementor-widget-container\">\n\t\t\t\t\t<div class=\"elementor-spacer\">\n\t\t\t<div class=\"elementor-spacer-inner\"><\/div>\n\t\t<\/div>\n\t\t\t\t<\/div>\n\t\t\t\t<\/div>\n\t\t\t\t\t<\/div>\n\t\t<\/div>\n\t\t\t\t\t\t\t<\/div>\n\t\t<\/section>\n\t\t\t\t\t\t\t<\/div>\n\t\t","protected":false},"excerpt":{"rendered":"<p>Information sur la protection des donn\u00e9es \u00e0 caract\u00e8re personnel (RGPD) Le Commissariat \u00e0 l\u2019\u00e9nergie atomique et aux \u00e9nergies alternatives (CEA) est engag\u00e9 dans une d\u00e9marche de protection des donn\u00e9es \u00e0 caract\u00e8re personnel qu\u2019il traite. Pour les besoins de ses activit\u00e9s, le CEA est amen\u00e9 \u00e0 traiter des donn\u00e9es \u00e0 caract\u00e8re personnel. La notion de \u00ab [&hellip;]<\/p>\n","protected":false},"author":1,"featured_media":0,"parent":0,"menu_order":0,"comment_status":"closed","ping_status":"closed","template":"","meta":{"footnotes":""},"class_list":["post-3","page","type-page","status-publish","hentry"],"yoast_head":"<!-- This site is optimized with the Yoast SEO plugin v19.9 - https:\/\/yoast.com\/wordpress\/plugins\/seo\/ -->\n<title>Politique de confidentialit\u00e9 - Ideas Laboratory<\/title>\n<meta name=\"robots\" content=\"index, follow, max-snippet:-1, max-image-preview:large, max-video-preview:-1\" \/>\n<link rel=\"canonical\" href=\"https:\/\/ideaslaboratory.y-spot.fr\/?page_id=3\" \/>\n<meta property=\"og:locale\" content=\"fr_FR\" \/>\n<meta property=\"og:type\" content=\"article\" \/>\n<meta property=\"og:title\" content=\"Politique de confidentialit\u00e9 - Ideas Laboratory\" \/>\n<meta property=\"og:description\" content=\"Information sur la protection des donn\u00e9es \u00e0 caract\u00e8re personnel (RGPD) Le Commissariat \u00e0 l\u2019\u00e9nergie atomique et aux \u00e9nergies alternatives (CEA) est engag\u00e9 dans une d\u00e9marche de protection des donn\u00e9es \u00e0 caract\u00e8re personnel qu\u2019il traite. Pour les besoins de ses activit\u00e9s, le CEA est amen\u00e9 \u00e0 traiter des donn\u00e9es \u00e0 caract\u00e8re personnel. La notion de \u00ab [&hellip;]\" \/>\n<meta property=\"og:url\" content=\"https:\/\/ideaslaboratory.y-spot.fr\/?page_id=3\" \/>\n<meta property=\"og:site_name\" content=\"Ideas Laboratory\" \/>\n<meta property=\"article:publisher\" content=\"https:\/\/www.facebook.com\/ideaslaboratorygrenoble\/\" \/>\n<meta property=\"article:modified_time\" content=\"2023-02-13T14:13:32+00:00\" \/>\n<meta name=\"twitter:card\" content=\"summary_large_image\" \/>\n<meta name=\"twitter:label1\" content=\"Dur\u00e9e de lecture estim\u00e9e\" \/>\n\t<meta name=\"twitter:data1\" content=\"7 minutes\" \/>\n<script type=\"application\/ld+json\" class=\"yoast-schema-graph\">{\"@context\":\"https:\/\/schema.org\",\"@graph\":[{\"@type\":\"WebPage\",\"@id\":\"https:\/\/ideaslaboratory.y-spot.fr\/?page_id=3\",\"url\":\"https:\/\/ideaslaboratory.y-spot.fr\/?page_id=3\",\"name\":\"Politique de confidentialit\u00e9 - Ideas Laboratory\",\"isPartOf\":{\"@id\":\"https:\/\/ideaslaboratory.y-spot.fr\/#website\"},\"datePublished\":\"2022-07-06T12:08:40+00:00\",\"dateModified\":\"2023-02-13T14:13:32+00:00\",\"breadcrumb\":{\"@id\":\"https:\/\/ideaslaboratory.y-spot.fr\/?page_id=3#breadcrumb\"},\"inLanguage\":\"fr-FR\",\"potentialAction\":[{\"@type\":\"ReadAction\",\"target\":[\"https:\/\/ideaslaboratory.y-spot.fr\/?page_id=3\"]}]},{\"@type\":\"BreadcrumbList\",\"@id\":\"https:\/\/ideaslaboratory.y-spot.fr\/?page_id=3#breadcrumb\",\"itemListElement\":[{\"@type\":\"ListItem\",\"position\":1,\"name\":\"Accueil\",\"item\":\"https:\/\/ideaslaboratory.y-spot.fr\/\"},{\"@type\":\"ListItem\",\"position\":2,\"name\":\"Politique de confidentialit\u00e9\"}]},{\"@type\":\"WebSite\",\"@id\":\"https:\/\/ideaslaboratory.y-spot.fr\/#website\",\"url\":\"https:\/\/ideaslaboratory.y-spot.fr\/\",\"name\":\"Ideas Laboratory\",\"description\":\"Exp\u00e9rimentons notre futur\",\"publisher\":{\"@id\":\"https:\/\/ideaslaboratory.y-spot.fr\/#organization\"},\"potentialAction\":[{\"@type\":\"SearchAction\",\"target\":{\"@type\":\"EntryPoint\",\"urlTemplate\":\"https:\/\/ideaslaboratory.y-spot.fr\/?s={search_term_string}\"},\"query-input\":\"required name=search_term_string\"}],\"inLanguage\":\"fr-FR\"},{\"@type\":\"Organization\",\"@id\":\"https:\/\/ideaslaboratory.y-spot.fr\/#organization\",\"name\":\"Ideas Laboratory\",\"url\":\"https:\/\/ideaslaboratory.y-spot.fr\/\",\"logo\":{\"@type\":\"ImageObject\",\"inLanguage\":\"fr-FR\",\"@id\":\"https:\/\/ideaslaboratory.y-spot.fr\/#\/schema\/logo\/image\/\",\"url\":\"https:\/\/ideaslaboratory.y-spot.fr\/wp-content\/uploads\/2022\/07\/Copie-de-logo-ideas-lab.png\",\"contentUrl\":\"https:\/\/ideaslaboratory.y-spot.fr\/wp-content\/uploads\/2022\/07\/Copie-de-logo-ideas-lab.png\",\"width\":1610,\"height\":996,\"caption\":\"Ideas Laboratory\"},\"image\":{\"@id\":\"https:\/\/ideaslaboratory.y-spot.fr\/#\/schema\/logo\/image\/\"},\"sameAs\":[\"https:\/\/www.linkedin.com\/company\/ideaslaboratory\/\",\"https:\/\/www.facebook.com\/ideaslaboratorygrenoble\/\"]}]}<\/script>\n<!-- \/ Yoast SEO plugin. -->","yoast_head_json":{"title":"Politique de confidentialit\u00e9 - Ideas Laboratory","robots":{"index":"index","follow":"follow","max-snippet":"max-snippet:-1","max-image-preview":"max-image-preview:large","max-video-preview":"max-video-preview:-1"},"canonical":"https:\/\/ideaslaboratory.y-spot.fr\/?page_id=3","og_locale":"fr_FR","og_type":"article","og_title":"Politique de confidentialit\u00e9 - Ideas Laboratory","og_description":"Information sur la protection des donn\u00e9es \u00e0 caract\u00e8re personnel (RGPD) Le Commissariat \u00e0 l\u2019\u00e9nergie atomique et aux \u00e9nergies alternatives (CEA) est engag\u00e9 dans une d\u00e9marche de protection des donn\u00e9es \u00e0 caract\u00e8re personnel qu\u2019il traite. Pour les besoins de ses activit\u00e9s, le CEA est amen\u00e9 \u00e0 traiter des donn\u00e9es \u00e0 caract\u00e8re personnel. La notion de \u00ab [&hellip;]","og_url":"https:\/\/ideaslaboratory.y-spot.fr\/?page_id=3","og_site_name":"Ideas Laboratory","article_publisher":"https:\/\/www.facebook.com\/ideaslaboratorygrenoble\/","article_modified_time":"2023-02-13T14:13:32+00:00","twitter_card":"summary_large_image","twitter_misc":{"Dur\u00e9e de lecture estim\u00e9e":"7 minutes"},"schema":{"@context":"https:\/\/schema.org","@graph":[{"@type":"WebPage","@id":"https:\/\/ideaslaboratory.y-spot.fr\/?page_id=3","url":"https:\/\/ideaslaboratory.y-spot.fr\/?page_id=3","name":"Politique de confidentialit\u00e9 - Ideas Laboratory","isPartOf":{"@id":"https:\/\/ideaslaboratory.y-spot.fr\/#website"},"datePublished":"2022-07-06T12:08:40+00:00","dateModified":"2023-02-13T14:13:32+00:00","breadcrumb":{"@id":"https:\/\/ideaslaboratory.y-spot.fr\/?page_id=3#breadcrumb"},"inLanguage":"fr-FR","potentialAction":[{"@type":"ReadAction","target":["https:\/\/ideaslaboratory.y-spot.fr\/?page_id=3"]}]},{"@type":"BreadcrumbList","@id":"https:\/\/ideaslaboratory.y-spot.fr\/?page_id=3#breadcrumb","itemListElement":[{"@type":"ListItem","position":1,"name":"Accueil","item":"https:\/\/ideaslaboratory.y-spot.fr\/"},{"@type":"ListItem","position":2,"name":"Politique de confidentialit\u00e9"}]},{"@type":"WebSite","@id":"https:\/\/ideaslaboratory.y-spot.fr\/#website","url":"https:\/\/ideaslaboratory.y-spot.fr\/","name":"Ideas Laboratory","description":"Exp\u00e9rimentons notre futur","publisher":{"@id":"https:\/\/ideaslaboratory.y-spot.fr\/#organization"},"potentialAction":[{"@type":"SearchAction","target":{"@type":"EntryPoint","urlTemplate":"https:\/\/ideaslaboratory.y-spot.fr\/?s={search_term_string}"},"query-input":"required name=search_term_string"}],"inLanguage":"fr-FR"},{"@type":"Organization","@id":"https:\/\/ideaslaboratory.y-spot.fr\/#organization","name":"Ideas Laboratory","url":"https:\/\/ideaslaboratory.y-spot.fr\/","logo":{"@type":"ImageObject","inLanguage":"fr-FR","@id":"https:\/\/ideaslaboratory.y-spot.fr\/#\/schema\/logo\/image\/","url":"https:\/\/ideaslaboratory.y-spot.fr\/wp-content\/uploads\/2022\/07\/Copie-de-logo-ideas-lab.png","contentUrl":"https:\/\/ideaslaboratory.y-spot.fr\/wp-content\/uploads\/2022\/07\/Copie-de-logo-ideas-lab.png","width":1610,"height":996,"caption":"Ideas Laboratory"},"image":{"@id":"https:\/\/ideaslaboratory.y-spot.fr\/#\/schema\/logo\/image\/"},"sameAs":["https:\/\/www.linkedin.com\/company\/ideaslaboratory\/","https:\/\/www.facebook.com\/ideaslaboratorygrenoble\/"]}]}},"_links":{"self":[{"href":"https:\/\/ideaslaboratory.y-spot.fr\/index.php?rest_route=\/wp\/v2\/pages\/3","targetHints":{"allow":["GET"]}}],"collection":[{"href":"https:\/\/ideaslaboratory.y-spot.fr\/index.php?rest_route=\/wp\/v2\/pages"}],"about":[{"href":"https:\/\/ideaslaboratory.y-spot.fr\/index.php?rest_route=\/wp\/v2\/types\/page"}],"author":[{"embeddable":true,"href":"https:\/\/ideaslaboratory.y-spot.fr\/index.php?rest_route=\/wp\/v2\/users\/1"}],"replies":[{"embeddable":true,"href":"https:\/\/ideaslaboratory.y-spot.fr\/index.php?rest_route=%2Fwp%2Fv2%2Fcomments&post=3"}],"version-history":[{"count":6,"href":"https:\/\/ideaslaboratory.y-spot.fr\/index.php?rest_route=\/wp\/v2\/pages\/3\/revisions"}],"predecessor-version":[{"id":1798,"href":"https:\/\/ideaslaboratory.y-spot.fr\/index.php?rest_route=\/wp\/v2\/pages\/3\/revisions\/1798"}],"wp:attachment":[{"href":"https:\/\/ideaslaboratory.y-spot.fr\/index.php?rest_route=%2Fwp%2Fv2%2Fmedia&parent=3"}],"curies":[{"name":"wp","href":"https:\/\/api.w.org\/{rel}","templated":true}]}}